{"id":4527,"date":"2018-06-04T18:52:31","date_gmt":"2018-06-04T16:52:31","guid":{"rendered":"https:\/\/dev.vesela.info\/zasady-ochrany-osobnich-udaju\/"},"modified":"2026-02-17T10:30:52","modified_gmt":"2026-02-17T09:30:52","slug":"zasady-ochrany-osobnich-udaju","status":"publish","type":"page","link":"https:\/\/vesela.info\/uk\/zasady-ochrany-osobnich-udaju\/","title":{"rendered":"Z\u00e1sady ochrany osobn\u00edch \u00fadaj\u016f"},"content":{"rendered":"<p>[vc_row][vc_column][vc_column_text]Provozovatel webu MUDr. Hana Vesel\u00e1, s.r.o. I\u010c: 27542939 se s\u00eddlem Rokycanova 2798, 530 02 Pardubice &#8211; Zelen\u00e9 P\u0159edm\u011bst\u00ed zpracov\u00e1v\u00e1 v p\u0159\u00edpad\u011b va\u0161\u00ed popt\u00e1vky slu\u017eeb ve smyslu na\u0159\u00edzen\u00ed Evropsk\u00e9ho parlamentu a Rady (EU) \u010d. 2016\/679 o ochran\u011b fyzick\u00fdch osob v souvislosti se zpracov\u00e1n\u00edm osobn\u00edch \u00fadaj\u016f a o voln\u00e9m pohybu t\u011bchto \u00fadaj\u016f a o zru\u0161en\u00ed sm\u011brnice 95\/46\/ES (obecn\u00e9 na\u0159\u00edzen\u00ed o ochran\u011b osobn\u00edch \u00fadaj\u016f) (d\u0159\u00edve i d\u00e1le jen \u201eNa\u0159\u00edzen\u00ed\u201c), osobn\u00ed \u00fadaje nutn\u00e9 ke zpracov\u00e1n\u00ed popt\u00e1vky slu\u017eeb, \u010di vytvo\u0159en\u00ed kalkulace.<\/p>\n<h2>JAK\u00c9 SHROMA\u017d\u010eUJEME OSOBN\u00cd \u00daDAJE A PRO\u010c JE SHROMA\u017d\u010eUJEME<\/h2>\n<h3>KONTAKTN\u00cd FORMUL\u00c1\u0158E<\/h3>\n<p><strong>1) Kategorie osobn\u00edch \u00fadaj\u016f<\/strong><\/p>\n<p>Spr\u00e1vce zpracov\u00e1v\u00e1 jen nezbytn\u011b nutn\u00e9 \u00fadaje, kter\u00e9 mu poskytnete v\u00a0souvislosti s\u00a0kontaktn\u00edm formul\u00e1\u0159em nebo objedn\u00e1vkou.<\/p>\n<p>Jedn\u00e1 se o tyto \u00fadaje:<\/p>\n<ul>\n<li>jm\u00e9no a p\u0159\u00edjmen\u00ed<\/li>\n<li>emailov\u00e1 adresa<\/li>\n<li>telefon<\/li>\n<li>historie nav\u0161t\u00edven\u00fdch str\u00e1nek na webu<\/li>\n<\/ul>\n<p><strong>2) Z\u00e1konn\u00fd d\u016fvod zpracov\u00e1n\u00ed<\/strong><\/p>\n<p>Z\u00e1konn\u00fdm d\u016fvodem zpracov\u00e1n\u00ed osobn\u00edch \u00fadaj\u016f je:<\/p>\n<ul>\n<li>pln\u011bn\u00ed smlouvy mezi V\u00e1mi a spr\u00e1vcem podle \u010dl. 6 odst. 1 p\u00edsm. b) GDPR<\/li>\n<li>v\u00e1\u0161 souhlas se zpracov\u00e1n\u00edm pro \u00fa\u010dely retargetingu podle \u010dl. 6 odst. 1 p\u00edsm. a) GDPR<\/li>\n<li>opr\u00e1vn\u011bn\u00fd z\u00e1jem spr\u00e1vce pro anal\u00fdzu n\u00e1v\u0161t\u011bvnosti webov\u00fdch str\u00e1nek a p\u0159\u00edm\u00e9ho marketingu podle \u010dl. 6 odst. 1 p\u00edsm. f) GDPR ve spojen\u00ed s 7 odst. 3 z\u00e1kona \u010d. 480\/2004 Sb., o n\u011bkter\u00fdch slu\u017eb\u00e1ch informa\u010dn\u00ed spole\u010dnosti<\/li>\n<\/ul>\n<p><strong>3) \u00da\u010del zpracov\u00e1n\u00ed osobn\u00edch \u00fadaj\u016f<\/strong><\/p>\n<p>Va\u0161e osobn\u00ed \u00fadaje, kter\u00e9 n\u00e1m poskytnete zpracov\u00e1v\u00e1me za \u00fa\u010delem:<\/p>\n<ul>\n<li>vy\u0159\u00edzen\u00ed va\u0161\u00ed popt\u00e1vky<\/li>\n<li>vy\u0159\u00edzen\u00ed va\u0161\u00ed objedn\u00e1vky<\/li>\n<li>vy\u0159\u00edzen\u00ed p\u0159\u00edpadn\u00e9 reklamace<\/li>\n<li>zodpov\u011bzen\u00ed va\u0161ich dotaz\u016f<\/li>\n<li>c\u00edlen\u00e9 nab\u00edzen\u00ed na\u0161ich slu\u017eeb<\/li>\n<li>anal\u00fdzu n\u00e1v\u0161t\u011bvnosti webov\u00fdch str\u00e1nek<\/li>\n<\/ul>\n<p>Ze strany spr\u00e1vce nedoch\u00e1z\u00ed k\u00a0automatizovan\u00e9mu rozhodov\u00e1n\u00ed ve smyslu \u010dl. 22 GDPR.<\/p>\n<p><strong>4) Doba, po kterou osobn\u00ed \u00fadaje uchov\u00e1v\u00e1me<\/strong><\/p>\n<p>Tyto osobn\u00ed \u00fadaje budou spr\u00e1vcem zpracov\u00e1ny po nezbytn\u011b nutnou dobu, kter\u00e1 se li\u0161\u00ed \u00fa\u010delem zpracov\u00e1n\u00ed:<\/p>\n<ul>\n<li>osobn\u00ed \u00fadaje k objedn\u00e1vce zpracov\u00e1v\u00e1me po dobu 10 let od konce zda\u0148ovac\u00edho obdob\u00ed, ve kter\u00e9m byl vystaven \u00fa\u010detn\u00ed doklad<\/li>\n<li>osobn\u00ed \u00fadaje k\u00a0vy\u0159\u00edzen\u00ed reklamace zpracov\u00e1v\u00e1me 5 let ode dne ukon\u010den\u00ed reklama\u010dn\u00edho \u0159\u00edzen\u00ed<\/li>\n<li>osobn\u00ed \u00fadaje k\u00a0vy\u0159\u00edzen\u00ed va\u0161ich dotaz\u016f zpracov\u00e1v\u00e1me po dobu 2 let pro p\u0159\u00edpadn\u00e9 dal\u0161\u00ed \u0159e\u0161en\u00ed va\u0161ich probl\u00e9m\u016f<\/li>\n<li>historie va\u0161\u00ed n\u00e1v\u0161t\u011bvnosti na webu po dobu 30 dn\u016f ode dne odvol\u00e1n\u00ed souhlasu<\/li>\n<\/ul>\n<h3>COOKIES<\/h3>\n<p>Pokud na na\u0161e str\u00e1nky p\u0159id\u00e1te koment\u00e1\u0159, m\u016f\u017eete povolit ulo\u017een\u00ed jm\u00e9na, emailov\u00e9 adresy a webov\u00e9 str\u00e1nky do cookies. T\u00edmto zp\u016fsobem se sna\u017e\u00edme zv\u00fd\u0161it v\u00e1\u0161 komfort, kdy\u017e budete ps\u00e1t nov\u00fd koment\u00e1\u0159 u\u017e pak nebudete muset tyto \u00fadaje znovu vypl\u0148ovat. Tyto soubory cookies budou m\u00edt \u017eivotnost jeden rok.<\/p>\n<p>Pokud m\u00e1te \u00fa\u010det a p\u0159ihla\u0161ujete se k tomuto webu, nastav\u00edme do\u010dasn\u00e9 cookie pro ov\u011b\u0159en\u00ed, zda v\u00e1\u0161 prohl\u00ed\u017ee\u010d p\u0159ij\u00edm\u00e1 soubory cookies. Tento soubor cookie neobsahuje \u017e\u00e1dn\u00e9 osobn\u00ed data a p\u0159i zav\u0159en\u00ed prohl\u00ed\u017ee\u010de se zru\u0161\u00ed.<\/p>\n<p>P\u0159i p\u0159ihla\u0161ov\u00e1n\u00ed v\u00e1m nastav\u00edme tak\u00e9 n\u011bkolik soubor\u016f cookies pro ulo\u017een\u00ed va\u0161ich p\u0159ihla\u0161ovac\u00edch \u00fadaj\u016f a pro nastaven\u00ed zobrazen\u00ed obrazovky. P\u0159ihla\u0161ovac\u00ed soubory cookies maj\u00ed \u017eivotnost dva dny a cookies pro nastaven\u00ed zobrazen\u00ed maj\u00ed \u017eivotnost jeden rok. Pokud potvrd\u00edte mo\u017enost \u201eZapamatovat si m\u011b\u201c, va\u0161e p\u0159ihl\u00e1\u0161en\u00ed bude trvat dva t\u00fddny. Pokud se ze sv\u00e9ho \u00fa\u010dtu odhl\u00e1s\u00edte, p\u0159ihla\u0161ovac\u00ed cookies budou odstran\u011bny.<\/p>\n<p>Pokud upravujete nebo publikujete \u010dl\u00e1nek, bude ve va\u0161em prohl\u00ed\u017ee\u010di ulo\u017een dal\u0161\u00ed cookie. Tento cookie neobsahuje \u017e\u00e1dn\u00e9 osobn\u00ed data a jednodu\u0161e ozna\u010duje ID p\u0159\u00edsp\u011bvku, kter\u00fd jste pr\u00e1v\u011b upravili. Jeho platnost vypr\u0161\u00ed po 1 dni.<\/p>\n<h3>VLO\u017dEN\u00dd OBSAH Z DAL\u0160\u00cdCH WEB\u016e<\/h3>\n<p>P\u0159\u00edsp\u011bvky na t\u011bchto str\u00e1nk\u00e1ch mohou obsahovat vlo\u017een\u00fd obsah (nap\u0159\u00edklad videa, obr\u00e1zky, \u010dl\u00e1nky atd.). Vlo\u017een\u00fd obsah z jin\u00fdch webov\u00fdch str\u00e1nek se chov\u00e1 stejn\u00fdm zp\u016fsobem, jako kdyby n\u00e1v\u0161t\u011bvn\u00edk nav\u0161t\u00edvil jin\u00fd web.<\/p>\n<p>Tyto webov\u00e9 str\u00e1nky mohou shroma\u017e\u010fovat data o v\u00e1s, pou\u017e\u00edvat soubory cookies, vkl\u00e1dat dal\u0161\u00ed sledov\u00e1n\u00ed od t\u0159et\u00edch stran a sledovat va\u0161i interakci s t\u00edmto vlo\u017een\u00fdm obsahem, v\u010detn\u011b sledov\u00e1n\u00ed interakce s vlo\u017een\u00fdm obsahem, pokud m\u00e1te \u00fa\u010det a jste p\u0159ihl\u00e1\u0161eni na danou webovou str\u00e1nku.<\/p>\n<h3>ANALYTIKA<\/h3>\n<p>Web je d\u016fsledn\u011b navr\u017een s respektem k soukrom\u00ed n\u00e1v\u0161t\u011bvn\u00edk\u016f a u\u017eivatel\u016f, tak\u017ee jej m\u016f\u017eete proch\u00e1zet zcela anonymn\u011b bez nutnosti registrace \u010di p\u0159ihl\u00e1\u0161en\u00ed. Web nepou\u017e\u00edv\u00e1 cookies ani jin\u00e9 n\u00e1stroje pro identifikaci a monitorov\u00e1n\u00ed p\u0159\u00edstupu jednotliv\u00fdch u\u017eivatel\u016f, v souladu s na\u0159\u00edzen\u00edm GDPR.<\/p>\n<p>Provozovatel webu u\u017e\u00edv\u00e1 na t\u00e9to webov\u00e9 str\u00e1nce pouze takov\u00e9 soubory cookies, kter\u00e9 jsou zde u\u017eity za \u00fa\u010delem m\u011b\u0159en\u00ed n\u00e1v\u0161t\u011bvnosti tohoto webu. Cookies pro m\u011b\u0159en\u00ed n\u00e1v\u0161t\u011bvnosti webu a\u00a0p\u0159izp\u016fsoben\u00ed zobrazen\u00ed webov\u00fdch str\u00e1nek jsou zpracov\u00e1v\u00e1ny na z\u00e1klad\u011b opr\u00e1vn\u011bn\u00e9ho z\u00e1jmu spr\u00e1vce.<\/p>\n<p>Shrom\u00e1\u017ed\u011bn\u00e9 cookies soubory jsou zpracov\u00e1ny prost\u0159ednictv\u00edm:<\/p>\n<ul>\n<li>slu\u017eby Google Analytics, provozovan\u00e9 spole\u010dnost\u00ed Google Inc., s\u00eddlem 1600 Amphitheatre Parkway, Mountain View, CA 94043, USA. Sesb\u00edran\u00e9 cookies soubory jsou n\u00e1sledn\u011b spole\u010dnost\u00ed Google Inc. v\u00a0souladu se Z\u00e1sadami ochrany soukrom\u00ed, dostupn\u00fdmi na\u00a0<a class=\"wpel-icon-right\" href=\"https:\/\/www.google.com\/intl\/cs\/policies\/privacy\/#nosharing\" rel=\"external noopener\" data-wpel-link=\"external\">https:\/\/www.google.com\/intl\/cs\/policies\/privacy\/#nosharing<\/a>.<\/li>\n<\/ul>\n<p>Tyto str\u00e1nky mohou fungovat i v re\u017eimu, kter\u00fd neumo\u017e\u0148uje sb\u00edr\u00e1n\u00ed \u00fadaj\u016f o chov\u00e1n\u00ed n\u00e1v\u0161t\u011bvn\u00edku webu. Zru\u0161it soubory cookies m\u016f\u017eete zde dle typu prohl\u00ed\u017ee\u010de:<\/p>\n<ul>\n<li>Firefox \u2013\u00a0<a class=\"wpel-icon-right\" href=\"https:\/\/support.mozilla.org\/cs\/kb\/vymazani-cookies\" target=\"_blank\" rel=\"noopener external\" data-wpel-link=\"external\">https:\/\/support.mozilla.org\/cs\/kb\/vymazani-cookies<\/a><\/li>\n<li>Microsoft Internet Explorer \u2013\u00a0<a class=\"wpel-icon-right\" href=\"https:\/\/support.microsoft.com\/en-us\/help\/17442\/windows-internet-explorer-delete-manage-cookies#ie=ie-11\" target=\"_blank\" rel=\"noopener external\" data-wpel-link=\"external\">https:\/\/support.microsoft.com\/en-us\/help\/17442\/windows-internet-explorer-delete-manage-cookies#ie=ie-11<\/a><\/li>\n<li>Google Chrome \u2013\u00a0<a class=\"wpel-icon-right\" href=\"https:\/\/support.google.com\/chrome\/answer\/95647?co=GENIE.Platform%3DDesktop&amp;hl=cs\" target=\"_blank\" rel=\"noopener external\" data-wpel-link=\"external\">https:\/\/support.google.com\/chrome\/answer\/95647?co=GENIE.Platform%3DDesktop&amp;hl=cs<\/a><\/li>\n<li>Safari \u2013\u00a0<a class=\"wpel-icon-right\" href=\"https:\/\/support.apple.com\/kb\/PH21411?locale=cs_CZ\" target=\"_blank\" rel=\"noopener external\" data-wpel-link=\"external\">https:\/\/support.apple.com\/kb\/PH21411?locale=cs_CZ<\/a><\/li>\n<\/ul>\n<h2>JAK\u00c1 M\u00c1TE PR\u00c1VA?<\/h2>\n<p>Pokud m\u00e1te na tomto webu \u00fa\u010det nebo jste zde p\u0159idali koment\u00e1\u0159e, m\u016f\u017eete po\u017e\u00e1dat o obdr\u017een\u00ed souboru s exportem osobn\u00edch \u00fadaj\u016f, kter\u00e9 o v\u00e1s uchov\u00e1v\u00e1me, v\u010detn\u011b v\u0161ech \u00fadaj\u016f, kter\u00e9 jste n\u00e1m poskytli. M\u016f\u017eete tak\u00e9 po\u017e\u00e1dat o odstran\u011bn\u00ed ve\u0161ker\u00fdch osobn\u00edch \u00fadaj\u016f, kter\u00e9 o v\u00e1s uchov\u00e1v\u00e1me. Tato mo\u017enost nezahrnuje \u00fadaje, kter\u00e9 jsme povinni uchov\u00e1vat z administrativn\u00edch, pr\u00e1vn\u00edch nebo bezpe\u010dnostn\u00edch d\u016fvod\u016f.[\/vc_column_text][\/vc_column][\/vc_row]<\/p>\n","protected":false},"excerpt":{"rendered":"<p>[vc_row][vc_column][vc_column_text]Provozovatel webu MUDr. Hana Vesel\u00e1, s.r.o. I\u010c: 27542939 se s\u00eddlem Rokycanova 2798, 530 02 Pardubice &#8211; Zelen\u00e9 P\u0159edm\u011bst\u00ed zpracov\u00e1v\u00e1 v p\u0159\u00edpad\u011b va\u0161\u00ed popt\u00e1vky slu\u017eeb ve smyslu na\u0159\u00edzen\u00ed Evropsk\u00e9ho parlamentu a Rady (EU) \u010d. 2016\/679 o ochran\u011b fyzick\u00fdch osob v souvislosti se zpracov\u00e1n\u00edm osobn\u00edch \u00fadaj\u016f a o voln\u00e9m pohybu t\u011bchto \u00fadaj\u016f a o zru\u0161en\u00ed sm\u011brnice 95\/46\/ES<\/p>\n","protected":false},"author":4,"featured_media":0,"parent":0,"menu_order":0,"comment_status":"closed","ping_status":"closed","template":"","meta":{"footnotes":""},"class_list":["post-4527","page","type-page","status-publish","hentry"],"aioseo_notices":[],"post_mailing_queue_ids":[],"_links":{"self":[{"href":"https:\/\/vesela.info\/uk\/wp-json\/wp\/v2\/pages\/4527","targetHints":{"allow":["GET"]}}],"collection":[{"href":"https:\/\/vesela.info\/uk\/wp-json\/wp\/v2\/pages"}],"about":[{"href":"https:\/\/vesela.info\/uk\/wp-json\/wp\/v2\/types\/page"}],"author":[{"embeddable":true,"href":"https:\/\/vesela.info\/uk\/wp-json\/wp\/v2\/users\/4"}],"replies":[{"embeddable":true,"href":"https:\/\/vesela.info\/uk\/wp-json\/wp\/v2\/comments?post=4527"}],"version-history":[{"count":1,"href":"https:\/\/vesela.info\/uk\/wp-json\/wp\/v2\/pages\/4527\/revisions"}],"predecessor-version":[{"id":4573,"href":"https:\/\/vesela.info\/uk\/wp-json\/wp\/v2\/pages\/4527\/revisions\/4573"}],"wp:attachment":[{"href":"https:\/\/vesela.info\/uk\/wp-json\/wp\/v2\/media?parent=4527"}],"curies":[{"name":"wp","href":"https:\/\/api.w.org\/{rel}","templated":true}]}}